{"id":535,"date":"2020-05-08T11:10:18","date_gmt":"2020-05-08T09:10:18","guid":{"rendered":"https:\/\/carnets.mylidin.fr\/?page_id=535"},"modified":"2022-11-07T22:36:31","modified_gmt":"2022-11-07T21:36:31","slug":"synopsis","status":"publish","type":"page","link":"https:\/\/carnets.mylidin.fr\/?page_id=535","title":{"rendered":"Synopsis"},"content":{"rendered":"\n<p><em>Les trois fronti\u00e8res de Bayan-T\u00f6r\u00f6\u00f6<br>Lieu de tournage : Alta\u00ef mongol, r\u00e9gion du Gov-Alta\u00ef, Mongolie<br>Date de tournage : mai et juin 2002<br>Format de tournage : mini DV<\/em><\/p>\n\n\n\n<div class=\"wp-block-media-text alignwide is-stacked-on-mobile is-image-fill\" style=\"grid-template-columns:25% auto\"><figure class=\"wp-block-media-text__media\" style=\"background-image:url(https:\/\/mylidin.fr\/wp-content\/uploads\/2020\/04\/09.jpg);background-position:50% 50%\"><img decoding=\"async\" src=\"https:\/\/mylidin.fr\/wp-content\/uploads\/2020\/04\/09.jpg\" alt=\"\" class=\"wp-image-7630 size-full\"\/><\/figure><div class=\"wp-block-media-text__content\">\n<p class=\"has-normal-font-size\">160 km de piste de montagne pour acc\u00e9der \u00e0 la ferme depuis la capitale de la r\u00e9gion, impossible de transporter les fruits r\u00e9colt\u00e9s par cette voie l\u00e0 !<\/p>\n<\/div><\/div>\n\n\n\n<div class=\"wp-block-media-text alignwide is-stacked-on-mobile is-image-fill\" style=\"grid-template-columns:25% auto\"><figure class=\"wp-block-media-text__media\" style=\"background-image:url(https:\/\/mylidin.fr\/wp-content\/uploads\/2020\/04\/02.jpg);background-position:50% 50%\"><img decoding=\"async\" src=\"https:\/\/mylidin.fr\/wp-content\/uploads\/2020\/04\/02.jpg\" alt=\"\" class=\"wp-image-7629 size-full\"\/><\/figure><div class=\"wp-block-media-text__content\">\n<p class=\"has-normal-font-size\">Sur la route un \u00e9leveur nous fait d\u00e9couvrir les p\u00e9troglyphes grav\u00e9s dans le rocher qui surplombe son campement.<\/p>\n<\/div><\/div>\n\n\n\n<div class=\"wp-block-media-text alignwide is-stacked-on-mobile is-image-fill\" style=\"grid-template-columns:25% auto\"><figure class=\"wp-block-media-text__media\" style=\"background-image:url(https:\/\/mylidin.fr\/wp-content\/uploads\/2020\/04\/11.jpg);background-position:50% 50%\"><img decoding=\"async\" src=\"https:\/\/mylidin.fr\/wp-content\/uploads\/2020\/04\/11.jpg\" alt=\"\" class=\"wp-image-7628 size-full\"\/><\/figure><div class=\"wp-block-media-text__content\">\n<p class=\"has-normal-font-size\">L&rsquo;alcool aidant, les langues se d\u00e9lient\u2026<\/p>\n<\/div><\/div>\n\n\n\n<div class=\"wp-block-media-text alignwide is-stacked-on-mobile is-image-fill\" style=\"grid-template-columns:26% auto\"><figure class=\"wp-block-media-text__media\" style=\"background-image:url(https:\/\/mylidin.fr\/wp-content\/uploads\/2020\/04\/05.jpg);background-position:50% 50%\"><img decoding=\"async\" src=\"https:\/\/mylidin.fr\/wp-content\/uploads\/2020\/04\/05.jpg\" alt=\"\" class=\"wp-image-7627 size-full\"\/><\/figure><div class=\"wp-block-media-text__content\">\n<p class=\"has-normal-font-size\">Le grand-p\u00e8re, initiateur du rachat du kolkhoze il y a 10 ans, ing\u00e9nieur hydraulicien \u00ab\u00a0C\u2019est un grand barrage qui unit les deux montagnes. Ce barrage contient 3 millions de m\u00e8tres cubes d\u2019eau. Avec cette eau, on a projet\u00e9 d\u2019irriguer plus de 400 hectares de terre. C\u2019est un grand et beau syst\u00e8me d\u2019irrigation. Depuis sa construction, ce barrage n\u2019a fonctionn\u00e9 qu\u2019un ou deux ans. Le fonctionnement a \u00e9t\u00e9 arr\u00eat\u00e9 \u00e0 cause du d\u00e9ficit des finances, et l\u2019ouverture du march\u00e9. \u00ab\u00a0<\/p>\n<\/div><\/div>\n\n\n\n<div class=\"wp-block-media-text alignwide is-stacked-on-mobile is-image-fill\" style=\"grid-template-columns:26% auto\"><figure class=\"wp-block-media-text__media\" style=\"background-image:url(https:\/\/mylidin.fr\/wp-content\/uploads\/2020\/04\/01.jpg);background-position:50% 50%\"><img decoding=\"async\" src=\"https:\/\/mylidin.fr\/wp-content\/uploads\/2020\/04\/01.jpg\" alt=\"\" class=\"wp-image-7626 size-full\"\/><\/figure><div class=\"wp-block-media-text__content\">\n<p class=\"has-normal-font-size\">La montagne m\u00e8re veille sur les 200 hectares de cultures restantes.<\/p>\n<\/div><\/div>\n\n\n\n<div class=\"wp-block-media-text alignwide is-stacked-on-mobile is-image-fill\" style=\"grid-template-columns:25% auto\"><figure class=\"wp-block-media-text__media\" style=\"background-image:url(https:\/\/mylidin.fr\/wp-content\/uploads\/2020\/04\/08.jpg);background-position:50% 50%\"><img decoding=\"async\" src=\"https:\/\/mylidin.fr\/wp-content\/uploads\/2020\/04\/08.jpg\" alt=\"\" class=\"wp-image-7625 size-full\"\/><\/figure><div class=\"wp-block-media-text__content\">\n<p class=\"has-normal-font-size\">Les sources naturelles qui alimentent le verger en contrebas, un terrain de jeu paradisiaque pour les enfants !<\/p>\n<\/div><\/div>\n\n\n\n<div class=\"wp-block-media-text alignwide is-stacked-on-mobile is-image-fill\" style=\"grid-template-columns:25% auto\"><figure class=\"wp-block-media-text__media\" style=\"background-image:url(https:\/\/mylidin.fr\/wp-content\/uploads\/2020\/04\/04.jpg);background-position:50% 50%\"><img decoding=\"async\" src=\"https:\/\/mylidin.fr\/wp-content\/uploads\/2020\/04\/04.jpg\" alt=\"\" class=\"wp-image-7624 size-full\"\/><\/figure><div class=\"wp-block-media-text__content\">\n<p class=\"has-normal-font-size\">Un ouvrier agricole employ\u00e9 de l&rsquo;ancien kolkhoze, charg\u00e9 de l&rsquo;irrigation. \u00ab\u00a0Une dizaine d\u2019ann\u00e9es\u2026 Ca fait longtemps\u2026 Je travaillais comme man\u0153uvre \u2026 Depuis pas mal de temps\u2026\u00a0\u00bb<\/p>\n<\/div><\/div>\n\n\n\n<div class=\"wp-block-media-text alignwide is-stacked-on-mobile is-image-fill\" style=\"grid-template-columns:22% auto\"><figure class=\"wp-block-media-text__media\" style=\"background-image:url(https:\/\/mylidin.fr\/wp-content\/uploads\/2020\/04\/03.jpg);background-position:50% 50%\"><img decoding=\"async\" src=\"https:\/\/mylidin.fr\/wp-content\/uploads\/2020\/04\/03.jpg\" alt=\"\" class=\"wp-image-7623 size-full\"\/><\/figure><div class=\"wp-block-media-text__content\">\n<p class=\"has-normal-font-size\">Chez un \u00e9leveur qui a subi de lourdes pertes de b\u00e9tail au printemps. \u00ab\u00a0On esp\u00e9rait supporter le froid. C\u2019\u00e9tait la cinqui\u00e8me neuvaine ? Oui, c\u2019\u00e9tait \u00e0 la fin de la cinqui\u00e8me neuvaine ! On esp\u00e9rait que le froid allait passer, mais on s\u2019est tromp\u00e9. Quand on a atteint la plaine, les b\u00eates poussaient des cris et la neige \u00e9tait haute comme \u00e7a. Les b\u00eates ne voulaient pas avancer. [\u2026] Et \u00e0 partir de ce moment les b\u00eates n\u2019ont cess\u00e9es de mourir. Qu\u2019est ce que je peux dire. Ce n\u2019est pas la peine de r\u00e9p\u00e9ter nos ennuis. Et qu\u2019est ce que vous en pensez ?\u00a0\u00bb<\/p>\n<\/div><\/div>\n\n\n\n<div class=\"wp-block-media-text alignwide is-stacked-on-mobile is-image-fill\" style=\"grid-template-columns:23% auto\"><figure class=\"wp-block-media-text__media\" style=\"background-image:url(https:\/\/mylidin.fr\/wp-content\/uploads\/2020\/04\/06.jpg);background-position:50% 50%\"><img decoding=\"async\" src=\"https:\/\/mylidin.fr\/wp-content\/uploads\/2020\/04\/06.jpg\" alt=\"\" class=\"wp-image-7622 size-full\"\/><\/figure><div class=\"wp-block-media-text__content\">\n<p class=\"has-normal-font-size\">Une fillette assiste, muette, \u00e0 la \u00ab\u00a0collecte du cachemire\u00a0\u00bb par les propri\u00e9taires des ch\u00e8vres.<\/p>\n<\/div><\/div>\n\n\n\n<div class=\"wp-block-media-text alignwide is-stacked-on-mobile is-image-fill\" style=\"grid-template-columns:23% auto\"><figure class=\"wp-block-media-text__media\" style=\"background-image:url(https:\/\/mylidin.fr\/wp-content\/uploads\/2020\/04\/10.jpg);background-position:50% 50%\"><img decoding=\"async\" src=\"https:\/\/mylidin.fr\/wp-content\/uploads\/2020\/04\/10.jpg\" alt=\"\" class=\"wp-image-7632 size-full\"\/><\/figure><div class=\"wp-block-media-text__content\">\n<p class=\"has-normal-font-size\">Bold dans le camion, professeur d&rsquo;histoire de l&rsquo;art en ville, sa m\u00e8re lui a c\u00e9d\u00e9 une grande part des actions de l&rsquo;ancien kolkhoze qu&rsquo;elle a achet\u00e9. Il visite l&rsquo;exploitation pour essayer de redresser l&rsquo;affaire. \u00ab\u00a0Ce qui est tr\u00e8s difficile, c\u2019est de savoir comment parler avec les \u00e9leveurs. Aujourd\u2019hui, on va envoyer notre tr\u00e9sorier et faire exiger aux \u00e9leveurs de donner la quantit\u00e9 de cachemire en fonction de ce que l&rsquo;on attend. Il est n\u00e9cessaire que nous ayons une politique sur ce sujet. Si l\u2019\u00e9leveur n\u2019a pas eu de b\u00eates mortes [pendant le dzud], comment le r\u00e9compenser ? Si l\u2019\u00e9leveur a perdu du b\u00e9tail, comment exiger un d\u00e9dommagement de sa part ? \u00ab\u00a0<\/p>\n<\/div><\/div>\n\n\n\n<div class=\"wp-block-media-text alignwide is-stacked-on-mobile is-image-fill\" style=\"grid-template-columns:22% auto\"><figure class=\"wp-block-media-text__media\" style=\"background-image:url(https:\/\/mylidin.fr\/wp-content\/uploads\/2020\/04\/07.jpg);background-position:50% 50%\"><img decoding=\"async\" src=\"https:\/\/mylidin.fr\/wp-content\/uploads\/2020\/04\/07.jpg\" alt=\"\" class=\"wp-image-7631 size-full\"\/><\/figure><div class=\"wp-block-media-text__content\">\n<p class=\"has-normal-font-size\">Un agriculteur ind\u00e9pendant qui exploite 30 hectares de terre au pied d&rsquo;Edj Uul \u00ab\u00a0Si les produits sont de bonne qualit\u00e9, c\u2019est facile de trouver un march\u00e9. Il faut fabriquer des produits qui conviennent aux acheteurs. C\u2019est ce que je pense. La farine doit bien absorber l\u2019eau, les l\u00e9gumes ne doivent pas contenir de vers. Ils doivent convenir aux normes sanitaires. Je pense que de cette fa\u00e7on, la client\u00e8le viendra d\u2019elle m\u00eame \u00e0 nous. Les produits se vendront d\u2019eux-m\u00eames.\u00a0\u00bb<\/p>\n<\/div><\/div>\n\n\n\n<p><\/p>\n\n\n\n<p><\/p>\n","protected":false},"excerpt":{"rendered":"<p>Les trois fronti\u00e8res de Bayan-T\u00f6r\u00f6\u00f6Lieu de tournage : Alta\u00ef mongol, r\u00e9gion du Gov-Alta\u00ef, MongolieDate de tournage : mai et juin 2002Format de tournage : mini DV 160 km de piste de montagne pour acc\u00e9der \u00e0 la ferme depuis la capitale de la r\u00e9gion, impossible de transporter les fruits r\u00e9colt\u00e9s par cette voie l\u00e0 ! Sur<\/p>\n<p class=\"more-link-wrapper\"><a href=\"https:\/\/carnets.mylidin.fr\/?page_id=535\" class=\"more-link\">Continue Reading<span class=\"screen-reader-text\"> \u00ab\u00a0Synopsis\u00a0\u00bb<\/span><\/a><\/p>\n","protected":false},"author":1,"featured_media":0,"parent":44,"menu_order":0,"comment_status":"closed","ping_status":"closed","template":"template-full.php","meta":{"footnotes":""},"class_list":["post-535","page","type-page","status-publish","hentry"],"yoast_head":"<!-- This site is optimized with the Yoast SEO plugin v25.5 - https:\/\/yoast.com\/wordpress\/plugins\/seo\/ -->\n<title>Synopsis - Carnets photographiques<\/title>\n<meta name=\"robots\" content=\"index, follow, max-snippet:-1, max-image-preview:large, max-video-preview:-1\" \/>\n<link rel=\"canonical\" href=\"https:\/\/carnets.mylidin.fr\/?page_id=535\" \/>\n<meta property=\"og:locale\" content=\"fr_FR\" \/>\n<meta property=\"og:type\" content=\"article\" \/>\n<meta property=\"og:title\" content=\"Synopsis - Carnets photographiques\" \/>\n<meta property=\"og:description\" content=\"Les trois fronti\u00e8res de Bayan-T\u00f6r\u00f6\u00f6Lieu de tournage : Alta\u00ef mongol, r\u00e9gion du Gov-Alta\u00ef, MongolieDate de tournage : mai et juin 2002Format de tournage : mini DV 160 km de piste de montagne pour acc\u00e9der \u00e0 la ferme depuis la capitale de la r\u00e9gion, impossible de transporter les fruits r\u00e9colt\u00e9s par cette voie l\u00e0 ! SurContinue Reading &quot;Synopsis&quot;\" \/>\n<meta property=\"og:url\" content=\"https:\/\/carnets.mylidin.fr\/?page_id=535\" \/>\n<meta property=\"og:site_name\" content=\"Carnets photographiques\" \/>\n<meta property=\"article:modified_time\" content=\"2022-11-07T21:36:31+00:00\" \/>\n<meta property=\"og:image\" content=\"https:\/\/mylidin.fr\/wp-content\/uploads\/2020\/04\/09.jpg\" \/>\n<meta name=\"twitter:card\" content=\"summary_large_image\" \/>\n<meta name=\"twitter:label1\" content=\"Dur\u00e9e de lecture estim\u00e9e\" \/>\n\t<meta name=\"twitter:data1\" content=\"5 minutes\" \/>\n<script type=\"application\/ld+json\" class=\"yoast-schema-graph\">{\"@context\":\"https:\/\/schema.org\",\"@graph\":[{\"@type\":\"WebPage\",\"@id\":\"https:\/\/carnets.mylidin.fr\/?page_id=535\",\"url\":\"https:\/\/carnets.mylidin.fr\/?page_id=535\",\"name\":\"Synopsis - Carnets photographiques\",\"isPartOf\":{\"@id\":\"https:\/\/carnets.mylidin.fr\/#website\"},\"primaryImageOfPage\":{\"@id\":\"https:\/\/carnets.mylidin.fr\/?page_id=535#primaryimage\"},\"image\":{\"@id\":\"https:\/\/carnets.mylidin.fr\/?page_id=535#primaryimage\"},\"thumbnailUrl\":\"https:\/\/mylidin.fr\/wp-content\/uploads\/2020\/04\/09.jpg\",\"datePublished\":\"2020-05-08T09:10:18+00:00\",\"dateModified\":\"2022-11-07T21:36:31+00:00\",\"breadcrumb\":{\"@id\":\"https:\/\/carnets.mylidin.fr\/?page_id=535#breadcrumb\"},\"inLanguage\":\"fr-FR\",\"potentialAction\":[{\"@type\":\"ReadAction\",\"target\":[\"https:\/\/carnets.mylidin.fr\/?page_id=535\"]}]},{\"@type\":\"ImageObject\",\"inLanguage\":\"fr-FR\",\"@id\":\"https:\/\/carnets.mylidin.fr\/?page_id=535#primaryimage\",\"url\":\"https:\/\/mylidin.fr\/wp-content\/uploads\/2020\/04\/09.jpg\",\"contentUrl\":\"https:\/\/mylidin.fr\/wp-content\/uploads\/2020\/04\/09.jpg\"},{\"@type\":\"BreadcrumbList\",\"@id\":\"https:\/\/carnets.mylidin.fr\/?page_id=535#breadcrumb\",\"itemListElement\":[{\"@type\":\"ListItem\",\"position\":1,\"name\":\"Accueil\",\"item\":\"https:\/\/carnets.mylidin.fr\/\"},{\"@type\":\"ListItem\",\"position\":2,\"name\":\"Les trois fronti\u00e8res de bayan t\u00f6r\u00f6\u00f6 (film documentaire)\",\"item\":\"https:\/\/carnets.mylidin.fr\/?page_id=44\"},{\"@type\":\"ListItem\",\"position\":3,\"name\":\"Synopsis\"}]},{\"@type\":\"WebSite\",\"@id\":\"https:\/\/carnets.mylidin.fr\/#website\",\"url\":\"https:\/\/carnets.mylidin.fr\/\",\"name\":\"Carnets photographiques\",\"description\":\"Gr\u00e9gory Lidin\",\"potentialAction\":[{\"@type\":\"SearchAction\",\"target\":{\"@type\":\"EntryPoint\",\"urlTemplate\":\"https:\/\/carnets.mylidin.fr\/?s={search_term_string}\"},\"query-input\":{\"@type\":\"PropertyValueSpecification\",\"valueRequired\":true,\"valueName\":\"search_term_string\"}}],\"inLanguage\":\"fr-FR\"}]}<\/script>\n<!-- \/ Yoast SEO plugin. -->","yoast_head_json":{"title":"Synopsis - Carnets photographiques","robots":{"index":"index","follow":"follow","max-snippet":"max-snippet:-1","max-image-preview":"max-image-preview:large","max-video-preview":"max-video-preview:-1"},"canonical":"https:\/\/carnets.mylidin.fr\/?page_id=535","og_locale":"fr_FR","og_type":"article","og_title":"Synopsis - Carnets photographiques","og_description":"Les trois fronti\u00e8res de Bayan-T\u00f6r\u00f6\u00f6Lieu de tournage : Alta\u00ef mongol, r\u00e9gion du Gov-Alta\u00ef, MongolieDate de tournage : mai et juin 2002Format de tournage : mini DV 160 km de piste de montagne pour acc\u00e9der \u00e0 la ferme depuis la capitale de la r\u00e9gion, impossible de transporter les fruits r\u00e9colt\u00e9s par cette voie l\u00e0 ! SurContinue Reading \"Synopsis\"","og_url":"https:\/\/carnets.mylidin.fr\/?page_id=535","og_site_name":"Carnets photographiques","article_modified_time":"2022-11-07T21:36:31+00:00","og_image":[{"url":"https:\/\/mylidin.fr\/wp-content\/uploads\/2020\/04\/09.jpg","type":"","width":"","height":""}],"twitter_card":"summary_large_image","twitter_misc":{"Dur\u00e9e de lecture estim\u00e9e":"5 minutes"},"schema":{"@context":"https:\/\/schema.org","@graph":[{"@type":"WebPage","@id":"https:\/\/carnets.mylidin.fr\/?page_id=535","url":"https:\/\/carnets.mylidin.fr\/?page_id=535","name":"Synopsis - Carnets photographiques","isPartOf":{"@id":"https:\/\/carnets.mylidin.fr\/#website"},"primaryImageOfPage":{"@id":"https:\/\/carnets.mylidin.fr\/?page_id=535#primaryimage"},"image":{"@id":"https:\/\/carnets.mylidin.fr\/?page_id=535#primaryimage"},"thumbnailUrl":"https:\/\/mylidin.fr\/wp-content\/uploads\/2020\/04\/09.jpg","datePublished":"2020-05-08T09:10:18+00:00","dateModified":"2022-11-07T21:36:31+00:00","breadcrumb":{"@id":"https:\/\/carnets.mylidin.fr\/?page_id=535#breadcrumb"},"inLanguage":"fr-FR","potentialAction":[{"@type":"ReadAction","target":["https:\/\/carnets.mylidin.fr\/?page_id=535"]}]},{"@type":"ImageObject","inLanguage":"fr-FR","@id":"https:\/\/carnets.mylidin.fr\/?page_id=535#primaryimage","url":"https:\/\/mylidin.fr\/wp-content\/uploads\/2020\/04\/09.jpg","contentUrl":"https:\/\/mylidin.fr\/wp-content\/uploads\/2020\/04\/09.jpg"},{"@type":"BreadcrumbList","@id":"https:\/\/carnets.mylidin.fr\/?page_id=535#breadcrumb","itemListElement":[{"@type":"ListItem","position":1,"name":"Accueil","item":"https:\/\/carnets.mylidin.fr\/"},{"@type":"ListItem","position":2,"name":"Les trois fronti\u00e8res de bayan t\u00f6r\u00f6\u00f6 (film documentaire)","item":"https:\/\/carnets.mylidin.fr\/?page_id=44"},{"@type":"ListItem","position":3,"name":"Synopsis"}]},{"@type":"WebSite","@id":"https:\/\/carnets.mylidin.fr\/#website","url":"https:\/\/carnets.mylidin.fr\/","name":"Carnets photographiques","description":"Gr\u00e9gory Lidin","potentialAction":[{"@type":"SearchAction","target":{"@type":"EntryPoint","urlTemplate":"https:\/\/carnets.mylidin.fr\/?s={search_term_string}"},"query-input":{"@type":"PropertyValueSpecification","valueRequired":true,"valueName":"search_term_string"}}],"inLanguage":"fr-FR"}]}},"_links":{"self":[{"href":"https:\/\/carnets.mylidin.fr\/index.php?rest_route=\/wp\/v2\/pages\/535","targetHints":{"allow":["GET"]}}],"collection":[{"href":"https:\/\/carnets.mylidin.fr\/index.php?rest_route=\/wp\/v2\/pages"}],"about":[{"href":"https:\/\/carnets.mylidin.fr\/index.php?rest_route=\/wp\/v2\/types\/page"}],"author":[{"embeddable":true,"href":"https:\/\/carnets.mylidin.fr\/index.php?rest_route=\/wp\/v2\/users\/1"}],"replies":[{"embeddable":true,"href":"https:\/\/carnets.mylidin.fr\/index.php?rest_route=%2Fwp%2Fv2%2Fcomments&post=535"}],"version-history":[{"count":2,"href":"https:\/\/carnets.mylidin.fr\/index.php?rest_route=\/wp\/v2\/pages\/535\/revisions"}],"predecessor-version":[{"id":666,"href":"https:\/\/carnets.mylidin.fr\/index.php?rest_route=\/wp\/v2\/pages\/535\/revisions\/666"}],"up":[{"embeddable":true,"href":"https:\/\/carnets.mylidin.fr\/index.php?rest_route=\/wp\/v2\/pages\/44"}],"wp:attachment":[{"href":"https:\/\/carnets.mylidin.fr\/index.php?rest_route=%2Fwp%2Fv2%2Fmedia&parent=535"}],"curies":[{"name":"wp","href":"https:\/\/api.w.org\/{rel}","templated":true}]}}